{"id":4566,"date":"2024-12-06T10:58:57","date_gmt":"2024-12-06T10:58:57","guid":{"rendered":"https:\/\/myguestrelation.com\/?page_id=4566"},"modified":"2026-02-26T10:57:17","modified_gmt":"2026-02-26T10:57:17","slug":"conciergerie-de-location-saisonniere-a-villefranche-sur-mer","status":"publish","type":"page","link":"https:\/\/myguestrelation.com\/it\/conciergerie-de-location-saisonniere-a-villefranche-sur-mer\/","title":{"rendered":"Servizio di portineria per affitti vacanze a Villefranche-sur-Mer"},"content":{"rendered":"<p>[et_pb_section fb_built=\u00a0\u00bb1&Prime; custom_padding_last_edited=\u00a0\u00bbon|phone\u00a0\u00bb admin_label=\u00a0\u00bbHero section\u00a0\u00bb _builder_version=\u00a0\u00bb4.27.4&Prime; use_background_color_gradient=\u00a0\u00bbon\u00a0\u00bb background_color_gradient_stops=\u00a0\u00bbrgba(109,57,57,0.41) 1%|rgba(61,61,61,0.61) 2%|rgba(61,61,61,0.61) 66%|rgba(0,46,112,0) 100%\u00a0\u00bb background_color_gradient_overlays_image=\u00a0\u00bbon\u00a0\u00bb background_color_gradient_start=\u00a0\u00bbrgba(109,57,57,0.41)\u00a0\u00bb background_color_gradient_end=\u00a0\u00bbrgba(0,46,112,0.3)\u00a0\u00bb background_color_gradient_end_position=\u00a0\u00bb0%\u00a0\u00bb background_image=\u00a0\u00bbhttps:\/\/myguestrelation.com\/wp-content\/uploads\/2024\/12\/concierge-airbnb-a-villefranche-sur-mer.jpg\u00a0\u00bb background_position=\u00a0\u00bbtop_center\u00a0\u00bb height=\u00a0\u00bb760px\u00a0\u00bb custom_margin=\u00a0\u00bb|||\u00a0\u00bb custom_padding=\u00a0\u00bb7.5%||7.5%||true|false\u00a0\u00bb custom_padding_tablet=\u00a0\u00bb17%||17%||true|false\u00a0\u00bb custom_padding_phone=\u00a0\u00bb17%||17%||true|false\u00a0\u00bb filter_saturate=\u00a0\u00bb101%\u00a0\u00bb filter_contrast=\u00a0\u00bb94%\u00a0\u00bb global_colors_info=\u00a0\u00bb{}\u00a0\u00bb][et_pb_row _builder_version=\u00a0\u00bb4.27.4&Prime; width=\u00a0\u00bb100%\u00a0\u00bb width_tablet=\u00a0\u00bb90%\u00a0\u00bb width_phone=\u00a0\u00bb90%\u00a0\u00bb width_last_edited=\u00a0\u00bbon|tablet\u00a0\u00bb max_width=\u00a0\u00bb1314px\u00a0\u00bb module_alignment=\u00a0\u00bbcenter\u00a0\u00bb custom_margin=\u00a0\u00bb100px||||false|false\u00a0\u00bb custom_margin_tablet=\u00a0\u00bb170px||||false|false\u00a0\u00bb custom_margin_phone=\u00a0\u00bb79px||||false|false\u00a0\u00bb custom_margin_last_edited=\u00a0\u00bbon|phone\u00a0\u00bb custom_padding=\u00a0\u00bb||||false|false\u00a0\u00bb global_colors_info=\u00a0\u00bb{}\u00a0\u00bb][et_pb_column type=\u00a0\u00bb4_4&Prime; _builder_version=\u00a0\u00bb4.16&Prime; custom_padding=\u00a0\u00bb1px|||\u00a0\u00bb global_colors_info=\u00a0\u00bb{}\u00a0\u00bb custom_padding__hover=\u00a0\u00bb|||\u00a0\u00bb][et_pb_text _builder_version=\u00a0\u00bb4.27.4&Prime; _module_preset=\u00a0\u00bbdefault\u00a0\u00bb header_font=\u00a0\u00bbDays One||||||||\u00a0\u00bb header_text_color=\u00a0\u00bb#FFFFFF\u00a0\u00bb header_font_size=\u00a0\u00bb49px\u00a0\u00bb header_letter_spacing=\u00a0\u00bb2px\u00a0\u00bb header_line_height=\u00a0\u00bb1.4em\u00a0\u00bb header_3_font=\u00a0\u00bbDays One|500|||||||\u00a0\u00bb header_3_text_color=\u00a0\u00bb#FFFFFF\u00a0\u00bb header_3_font_size=\u00a0\u00bb49px\u00a0\u00bb module_alignment=\u00a0\u00bbcenter\u00a0\u00bb custom_margin=\u00a0\u00bb-81px||||false|false\u00a0\u00bb custom_margin_tablet=\u00a0\u00bb0px||||false|false\u00a0\u00bb custom_margin_phone=\u00a0\u00bb0px||||false|false\u00a0\u00bb custom_margin_last_edited=\u00a0\u00bbon|tablet\u00a0\u00bb animation_style=\u00a0\u00bbfade\u00a0\u00bb header_font_size_tablet=\u00a0\u00bb49px\u00a0\u00bb header_font_size_phone=\u00a0\u00bb37px\u00a0\u00bb header_font_size_last_edited=\u00a0\u00bbon|phone\u00a0\u00bb header_3_font_size_tablet=\u00a0\u00bb37px\u00a0\u00bb header_3_font_size_phone=\u00a0\u00bb28px\u00a0\u00bb header_3_font_size_last_edited=\u00a0\u00bbon|phone\u00a0\u00bb global_colors_info=\u00a0\u00bb{}\u00a0\u00bb]<\/p>\n<h1 style=\"text-align: center;\"><span style=\"font-weight: 500;\">Conciergerie de location saisonni\u00e8re \u00e0 Villefranche-sur-Mer<\/span><\/h1>\n<p>[\/et_pb_text][\/et_pb_column][\/et_pb_row][\/et_pb_section][et_pb_section fb_built=\u00a0\u00bb1&Prime; _builder_version=\u00a0\u00bb4.27.4&Prime; background_color=\u00a0\u00bbRGBA(255,255,255,0)\u00a0\u00bb min_height_tablet=\u00a0\u00bb630px\u00a0\u00bb min_height_phone=\u00a0\u00bb630px\u00a0\u00bb min_height_last_edited=\u00a0\u00bbon|tablet\u00a0\u00bb height_tablet=\u00a0\u00bb865px\u00a0\u00bb height_phone=\u00a0\u00bb1139px\u00a0\u00bb height_last_edited=\u00a0\u00bbon|tablet\u00a0\u00bb max_height_tablet=\u00a0\u00bb1199px\u00a0\u00bb max_height_phone=\u00a0\u00bb1380px\u00a0\u00bb max_height_last_edited=\u00a0\u00bbon|tablet\u00a0\u00bb custom_margin=\u00a0\u00bb-1px||||false|false\u00a0\u00bb custom_padding=\u00a0\u00bb0px||66px||false|false\u00a0\u00bb global_colors_info=\u00a0\u00bb{}\u00a0\u00bb][et_pb_row _builder_version=\u00a0\u00bb4.25.1&Prime; _module_preset=\u00a0\u00bbdefault\u00a0\u00bb width=\u00a0\u00bb51%\u00a0\u00bb width_tablet=\u00a0\u00bb91%\u00a0\u00bb width_phone=\u00a0\u00bb91%\u00a0\u00bb width_last_edited=\u00a0\u00bbon|tablet\u00a0\u00bb global_colors_info=\u00a0\u00bb{}\u00a0\u00bb][et_pb_column type=\u00a0\u00bb4_4&Prime; _builder_version=\u00a0\u00bb4.20.2&Prime; _module_preset=\u00a0\u00bbdefault\u00a0\u00bb global_colors_info=\u00a0\u00bb{}\u00a0\u00bb][et_pb_cta title=\u00a0\u00bbUn s\u00e9jour \u00e0 Villefranche-sur-Mer, un r\u00eave \u00e9veill\u00e9\u00a0\u00bb button_url=\u00a0\u00bb#\u00a0\u00bb title_last_edited=\u00a0\u00bboff|tablet\u00a0\u00bb _builder_version=\u00a0\u00bb4.27.4&Prime; header_font=\u00a0\u00bbMontserrat||||||||\u00a0\u00bb header_text_align=\u00a0\u00bbcenter\u00a0\u00bb header_text_color=\u00a0\u00bb#393c40&Prime; header_font_size=\u00a0\u00bb35px\u00a0\u00bb header_line_height=\u00a0\u00bb1.3em\u00a0\u00bb body_font=\u00a0\u00bbLato||||||||\u00a0\u00bb body_font_size=\u00a0\u00bb20px\u00a0\u00bb use_background_color=\u00a0\u00bboff\u00a0\u00bb custom_button=\u00a0\u00bbon\u00a0\u00bb button_text_size=\u00a0\u00bb16px\u00a0\u00bb button_text_color=\u00a0\u00bb#ffffff\u00a0\u00bb button_bg_color=\u00a0\u00bb#d0a242&Prime; button_border_width=\u00a0\u00bb6px\u00a0\u00bb button_border_color=\u00a0\u00bb#d0a242&Prime; button_border_radius=\u00a0\u00bb5px\u00a0\u00bb button_letter_spacing=\u00a0\u00bb2px\u00a0\u00bb button_font=\u00a0\u00bbLato|900||on|||||\u00a0\u00bb width=\u00a0\u00bb100%\u00a0\u00bb max_width=\u00a0\u00bb100%\u00a0\u00bb module_alignment=\u00a0\u00bbcenter\u00a0\u00bb custom_margin=\u00a0\u00bb51px||||false|false\u00a0\u00bb custom_margin_tablet=\u00a0\u00bb\u00a0\u00bb custom_margin_phone=\u00a0\u00bb|320px||0px|false|false\u00a0\u00bb custom_margin_last_edited=\u00a0\u00bbon|phone\u00a0\u00bb custom_padding=\u00a0\u00bb||||false|false\u00a0\u00bb header_font_size_tablet=\u00a0\u00bb37px\u00a0\u00bb header_font_size_phone=\u00a0\u00bb25px\u00a0\u00bb header_font_size_last_edited=\u00a0\u00bbon|phone\u00a0\u00bb box_shadow_style_button=\u00a0\u00bbpreset3&Prime; box_shadow_blur_button=\u00a0\u00bb30px\u00a0\u00bb box_shadow_spread_button=\u00a0\u00bb8px\u00a0\u00bb box_shadow_color_button=\u00a0\u00bbrgba(250,127,40,0.15)\u00a0\u00bb button_letter_spacing_hover=\u00a0\u00bb2px\u00a0\u00bb global_colors_info=\u00a0\u00bb{}\u00a0\u00bb button_text_size__hover_enabled=\u00a0\u00bboff\u00a0\u00bb button_one_text_size__hover_enabled=\u00a0\u00bboff\u00a0\u00bb button_two_text_size__hover_enabled=\u00a0\u00bboff\u00a0\u00bb button_text_color__hover_enabled=\u00a0\u00bboff\u00a0\u00bb button_one_text_color__hover_enabled=\u00a0\u00bboff\u00a0\u00bb button_two_text_color__hover_enabled=\u00a0\u00bboff\u00a0\u00bb button_border_width__hover_enabled=\u00a0\u00bboff\u00a0\u00bb button_one_border_width__hover_enabled=\u00a0\u00bboff\u00a0\u00bb button_two_border_width__hover_enabled=\u00a0\u00bboff\u00a0\u00bb button_border_color__hover_enabled=\u00a0\u00bboff\u00a0\u00bb button_one_border_color__hover_enabled=\u00a0\u00bboff\u00a0\u00bb button_two_border_color__hover_enabled=\u00a0\u00bboff\u00a0\u00bb button_border_radius__hover_enabled=\u00a0\u00bboff\u00a0\u00bb button_one_border_radius__hover_enabled=\u00a0\u00bboff\u00a0\u00bb button_two_border_radius__hover_enabled=\u00a0\u00bboff\u00a0\u00bb button_letter_spacing__hover_enabled=\u00a0\u00bbon\u00a0\u00bb button_letter_spacing__hover=\u00a0\u00bb2px\u00a0\u00bb button_one_letter_spacing__hover_enabled=\u00a0\u00bboff\u00a0\u00bb button_two_letter_spacing__hover_enabled=\u00a0\u00bboff\u00a0\u00bb button_bg_color__hover_enabled=\u00a0\u00bboff\u00a0\u00bb button_one_bg_color__hover_enabled=\u00a0\u00bboff\u00a0\u00bb button_two_bg_color__hover_enabled=\u00a0\u00bboff\u00a0\u00bb][\/et_pb_cta][et_pb_divider divider_weight=\u00a0\u00bb5px\u00a0\u00bb _builder_version=\u00a0\u00bb4.25.1&Prime; _module_preset=\u00a0\u00bbdefault\u00a0\u00bb max_width=\u00a0\u00bb50px\u00a0\u00bb module_alignment=\u00a0\u00bbcenter\u00a0\u00bb custom_margin=\u00a0\u00bb|18px||156px||\u00a0\u00bb module_alignment_tablet=\u00a0\u00bbcenter\u00a0\u00bb module_alignment_phone=\u00a0\u00bbcenter\u00a0\u00bb module_alignment_last_edited=\u00a0\u00bbon|phone\u00a0\u00bb global_colors_info=\u00a0\u00bb{}\u00a0\u00bb][\/et_pb_divider][\/et_pb_column][\/et_pb_row][et_pb_row _builder_version=\u00a0\u00bb4.16&Prime; custom_margin=\u00a0\u00bb|auto|-19px|auto||\u00a0\u00bb custom_margin_phone=\u00a0\u00bb95px|||15px|false|false\u00a0\u00bb custom_margin_last_edited=\u00a0\u00bboff|desktop\u00a0\u00bb custom_padding=\u00a0\u00bb||||false|true\u00a0\u00bb global_colors_info=\u00a0\u00bb{}\u00a0\u00bb][et_pb_column type=\u00a0\u00bb4_4&Prime; _builder_version=\u00a0\u00bb4.16&Prime; global_colors_info=\u00a0\u00bb{}\u00a0\u00bb][et_pb_text _builder_version=\u00a0\u00bb4.27.4&Prime; _module_preset=\u00a0\u00bbdefault\u00a0\u00bb text_text_color=\u00a0\u00bb#393c40&Prime; text_font_size=\u00a0\u00bb17.5px\u00a0\u00bb text_orientation=\u00a0\u00bbcenter\u00a0\u00bb width=\u00a0\u00bb107%\u00a0\u00bb max_width=\u00a0\u00bb111%\u00a0\u00bb global_colors_info=\u00a0\u00bb{}\u00a0\u00bb]<\/p>\n<p><span style=\"font-weight: 400;\">Villefranche-sur-Mer, charmante ville c\u00f4ti\u00e8re, se situe entre Nice et Monaco et attire chaque ann\u00e9e une <\/span><b>client\u00e8le internationale<\/b><span style=\"font-weight: 400;\"> exigeante. Sa baie consid\u00e9r\u00e9e comme l\u2019une des plus belles du monde, se remplit de yachts durant la haute saison. De nombreux voyageurs choisissent cette <\/span><b>destination de r\u00eave<\/b><span style=\"font-weight: 400;\"> qui allie \u00e0 la fois luxe et authenticit\u00e9, en parfaite harmonie avec l\u2019esprit de la location saisonni\u00e8re. D\u00e9cor idyllique, eaux turquoise scintillantes bord\u00e9es de maisons color\u00e9es, cette ville charg\u00e9e d\u2019histoire est un lieu incontournable de la French Riviera. Notre conciergerie de location saisonni\u00e8re \u00e0 Villefranche-sur-Mer fait tout pour embellir au mieux le s\u00e9jour des visiteurs.\u00a0<\/span><\/p>\n<p>[\/et_pb_text][et_pb_button button_url=\u00a0\u00bbhttps:\/\/myguestrelation.com\/contactez-nous\/\u00a0\u00bb button_text=\u00a0\u00bbCONTACTEZ-NOUS\u00a0\u00bb button_alignment=\u00a0\u00bbcenter\u00a0\u00bb _builder_version=\u00a0\u00bb4.27.4&Prime; custom_button=\u00a0\u00bbon\u00a0\u00bb button_text_size=\u00a0\u00bb12px\u00a0\u00bb button_text_color=\u00a0\u00bb#393C40&Prime; button_bg_color=\u00a0\u00bbRGBA(255,255,255,0)\u00a0\u00bb button_border_width=\u00a0\u00bb2px\u00a0\u00bb button_border_color=\u00a0\u00bb#393C40&Prime; button_border_radius=\u00a0\u00bb8px\u00a0\u00bb button_letter_spacing=\u00a0\u00bb3px\u00a0\u00bb button_font=\u00a0\u00bbMontserrat|800|||||||\u00a0\u00bb custom_margin=\u00a0\u00bb51px||35px||false|false\u00a0\u00bb custom_padding=\u00a0\u00bb20px|30px|20px|30px|true|true\u00a0\u00bb button_text_size_tablet=\u00a0\u00bb12px\u00a0\u00bb button_text_size_phone=\u00a0\u00bb11px\u00a0\u00bb button_text_size_last_edited=\u00a0\u00bbon|phone\u00a0\u00bb locked=\u00a0\u00bboff\u00a0\u00bb global_colors_info=\u00a0\u00bb{}\u00a0\u00bb][\/et_pb_button][\/et_pb_column][\/et_pb_row][\/et_pb_section][et_pb_section fb_built=\u00a0\u00bb1&Prime; use_custom_gutter=\u00a0\u00bbon\u00a0\u00bb gutter_width=\u00a0\u00bb1&Prime; specialty=\u00a0\u00bbon\u00a0\u00bb background_color_2=\u00a0\u00bb#f7f7f7&Prime; padding_top_2=\u00a0\u00bb60px\u00a0\u00bb admin_label=\u00a0\u00bbAbout Us\u00a0\u00bb module_class=\u00a0\u00bb et_pb_specialty_fullwidth\u00a0\u00bb _builder_version=\u00a0\u00bb4.27.4&Prime; use_background_color_gradient=\u00a0\u00bbon\u00a0\u00bb background_color_gradient_type=\u00a0\u00bbcircular\u00a0\u00bb background_color_gradient_direction_radial=\u00a0\u00bbtop left\u00a0\u00bb background_color_gradient_stops=\u00a0\u00bbrgba(12,12,12,0.4) 0%|rgba(12,12,12,0) 100%\u00a0\u00bb background_color_gradient_overlays_image=\u00a0\u00bbon\u00a0\u00bb background_color_gradient_start=\u00a0\u00bbrgba(12,12,12,0.4)\u00a0\u00bb background_color_gradient_end=\u00a0\u00bbrgba(12,12,12,0)\u00a0\u00bb background_image=\u00a0\u00bbhttps:\/\/myguestrelation.com\/wp-content\/uploads\/2024\/12\/location-airbnb-villefranche-sur-mer.jpeg\u00a0\u00bb inner_width=\u00a0\u00bb100%\u00a0\u00bb inner_width_tablet=\u00a0\u00bb100%\u00a0\u00bb inner_width_phone=\u00a0\u00bb100%\u00a0\u00bb inner_width_last_edited=\u00a0\u00bbon|desktop\u00a0\u00bb inner_max_width=\u00a0\u00bb100%\u00a0\u00bb inner_max_width_tablet=\u00a0\u00bb100%\u00a0\u00bb inner_max_width_phone=\u00a0\u00bb100%\u00a0\u00bb inner_max_width_last_edited=\u00a0\u00bbon|desktop\u00a0\u00bb custom_margin=\u00a0\u00bb|||\u00a0\u00bb custom_padding=\u00a0\u00bb0px|0px|0px|0px|true|false\u00a0\u00bb make_fullwidth=\u00a0\u00bbon\u00a0\u00bb global_colors_info=\u00a0\u00bb{}\u00a0\u00bb][et_pb_column type=\u00a0\u00bb1_3&Prime; _builder_version=\u00a0\u00bb4.16&Prime; custom_padding=\u00a0\u00bb|||\u00a0\u00bb global_colors_info=\u00a0\u00bb{}\u00a0\u00bb custom_padding__hover=\u00a0\u00bb|||\u00a0\u00bb][et_pb_divider show_divider=\u00a0\u00bboff\u00a0\u00bb disabled_on=\u00a0\u00bbon|off|off\u00a0\u00bb _builder_version=\u00a0\u00bb4.27.4&Prime; height=\u00a0\u00bb240px\u00a0\u00bb global_colors_info=\u00a0\u00bb{}\u00a0\u00bb][\/et_pb_divider][\/et_pb_column][et_pb_column type=\u00a0\u00bb2_3&Prime; specialty_columns=\u00a0\u00bb2&Prime; _builder_version=\u00a0\u00bb4.16&Prime; background_color=\u00a0\u00bb#f7f7f7&Prime; custom_padding=\u00a0\u00bb|||\u00a0\u00bb global_colors_info=\u00a0\u00bb{}\u00a0\u00bb custom_padding__hover=\u00a0\u00bb|||\u00a0\u00bb][et_pb_row_inner custom_padding_last_edited=\u00a0\u00bbon|tablet\u00a0\u00bb _builder_version=\u00a0\u00bb4.16&Prime; custom_margin=\u00a0\u00bb|||\u00a0\u00bb custom_padding=\u00a0\u00bb|8vw|45px|8vw|false|false\u00a0\u00bb custom_padding_tablet=\u00a0\u00bb|40px||40px||true\u00a0\u00bb custom_padding_phone=\u00a0\u00bb\u00a0\u00bb global_colors_info=\u00a0\u00bb{}\u00a0\u00bb][et_pb_column_inner saved_specialty_column_type=\u00a0\u00bb2_3&Prime; _builder_version=\u00a0\u00bb4.16&Prime; custom_padding=\u00a0\u00bb|||\u00a0\u00bb global_colors_info=\u00a0\u00bb{}\u00a0\u00bb custom_padding__hover=\u00a0\u00bb|||\u00a0\u00bb][et_pb_text _builder_version=\u00a0\u00bb4.27.4&Prime; _module_preset=\u00a0\u00bbdefault\u00a0\u00bb header_2_font=\u00a0\u00bbMontserrat|300|||||||\u00a0\u00bb header_2_font_size=\u00a0\u00bb33px\u00a0\u00bb global_colors_info=\u00a0\u00bb{}\u00a0\u00bb]<\/p>\n<h2><span style=\"font-weight: 300;\">Le lieu incontournable de la French Riviera<\/span><\/h2>\n<p>[\/et_pb_text][et_pb_divider divider_position=\u00a0\u00bbcenter\u00a0\u00bb divider_weight=\u00a0\u00bb5px\u00a0\u00bb _builder_version=\u00a0\u00bb4.27.4&Prime; max_width=\u00a0\u00bb50px\u00a0\u00bb global_colors_info=\u00a0\u00bb{}\u00a0\u00bb][\/et_pb_divider][\/et_pb_column_inner][\/et_pb_row_inner][et_pb_row_inner column_structure=\u00a0\u00bb1_2,1_2&Prime; use_custom_gutter=\u00a0\u00bbon\u00a0\u00bb custom_padding_last_edited=\u00a0\u00bbon|tablet\u00a0\u00bb _builder_version=\u00a0\u00bb4.16&Prime; module_alignment=\u00a0\u00bbcenter\u00a0\u00bb min_height=\u00a0\u00bb536.2px\u00a0\u00bb custom_margin=\u00a0\u00bb|||\u00a0\u00bb custom_padding=\u00a0\u00bb23px|8vw|23px|8vw|true|true\u00a0\u00bb custom_padding_tablet=\u00a0\u00bb|40px||40px||true\u00a0\u00bb custom_padding_phone=\u00a0\u00bb\u00a0\u00bb global_colors_info=\u00a0\u00bb{}\u00a0\u00bb][et_pb_column_inner type=\u00a0\u00bb1_2&Prime; saved_specialty_column_type=\u00a0\u00bb2_3&Prime; _builder_version=\u00a0\u00bb4.16&Prime; custom_padding=\u00a0\u00bb|||\u00a0\u00bb custom_padding_tablet=\u00a0\u00bb|0px||\u00a0\u00bb custom_padding_last_edited=\u00a0\u00bboff|desktop\u00a0\u00bb global_colors_info=\u00a0\u00bb{}\u00a0\u00bb padding_tablet=\u00a0\u00bb|0px||\u00a0\u00bb padding_last_edited=\u00a0\u00bboff|desktop\u00a0\u00bb custom_padding__hover=\u00a0\u00bb|||\u00a0\u00bb][et_pb_text _builder_version=\u00a0\u00bb4.27.4&Prime; text_font=\u00a0\u00bb||||||||\u00a0\u00bb text_text_color=\u00a0\u00bb#393c40&Prime; custom_padding=\u00a0\u00bb|||\u00a0\u00bb custom_padding_tablet=\u00a0\u00bb|40px||40px||true\u00a0\u00bb custom_padding_last_edited=\u00a0\u00bboff|desktop\u00a0\u00bb global_colors_info=\u00a0\u00bb{}\u00a0\u00bb]<\/p>\n<p><span style=\"font-weight: 400;\">Villefranche-sur-Mer abrite des propri\u00e9t\u00e9s d\u2019exception avec des vues panoramiques sur la M\u00e9diterran\u00e9e, dans un cadre naturel et enchanteur. La ville fait partie du <\/span><b>Triangle d\u2019Or<\/b><span style=\"font-weight: 400;\">, un secteur tr\u00e8s recherch\u00e9 et verdoyant de la C\u00f4te d\u2019Azur qui relie Villefranche-sur-Mer, Beaulieu-sur-Mer et Saint-Jean-Cap-Ferrat. Un endroit qui b\u00e9n\u00e9ficie d\u2019une <\/span><b>situation g\u00e9ographique id\u00e9ale<\/b><span style=\"font-weight: 400;\">, proche de la Principaut\u00e9 de Monaco et de l\u2019a\u00e9roport Nice C\u00f4te d\u2019Azur. Les voyageurs peuvent ainsi profiter de l&rsquo;effervescence des Alpes-Maritimes tout en logeant dans un havre de paix \u00e0 Villefranche-sur-Mer.<\/span><\/p>\n<p><span style=\"font-weight: 400;\">La ville est \u00e0 visiter aussi pour son <\/span><b>patrimoine culturel riche<\/b><span style=\"font-weight: 400;\">, avec notamment la Citadelle Saint-Elme et la Chapelle Saint-Pierre, d\u00e9cor\u00e9e par Jean Cocteau. Les visiteurs appr\u00e9cient se balader dans les ruelles pav\u00e9es pour admirer l\u2019architecture aux couleurs chaudes et chaleureuses.\u00a0\u00a0<\/span><\/p>\n<p>[\/et_pb_text][\/et_pb_column_inner][et_pb_column_inner type=\u00a0\u00bb1_2&Prime; saved_specialty_column_type=\u00a0\u00bb2_3&Prime; _builder_version=\u00a0\u00bb4.16&Prime; custom_padding=\u00a0\u00bb|||\u00a0\u00bb global_colors_info=\u00a0\u00bb{}\u00a0\u00bb custom_padding__hover=\u00a0\u00bb|||\u00a0\u00bb][et_pb_text _builder_version=\u00a0\u00bb4.27.4&Prime; text_font=\u00a0\u00bb||||||||\u00a0\u00bb text_text_color=\u00a0\u00bb#393c40&Prime; custom_padding=\u00a0\u00bb|||\u00a0\u00bb custom_padding_tablet=\u00a0\u00bb|40px||40px||true\u00a0\u00bb custom_padding_last_edited=\u00a0\u00bboff|desktop\u00a0\u00bb global_colors_info=\u00a0\u00bb{}\u00a0\u00bb]<\/p>\n<p><span style=\"font-weight: 400;\">Les eaux cristallines des plages de sable fin de Villefranche-sur-Mer invitent \u00e0 la d\u00e9tente, la c\u00e9l\u00e8bre <\/span><b>plage des Marini\u00e8res<\/b><span style=\"font-weight: 400;\"> s\u00e9duit d\u2019ailleurs beaucoup les vacanciers en qu\u00eate de tranquillit\u00e9.\u00a0<\/span><\/p>\n<p><span style=\"font-weight: 400;\">En bref, Villefranche-sur-mer est une destination pris\u00e9e pour des <\/span><b>vacances d\u2019exception<\/b><span style=\"font-weight: 400;\"> et offre des opportunit\u00e9s pour les propri\u00e9taires qui souhaitent louer leur bien immobilier. Notre conciergerie en location saisonni\u00e8re \u00e0 Villefranche-sur-Mer s\u2019occupe de toute la gestion de votre <\/span><b>logement de type Airbnb<\/b><span style=\"font-weight: 400;\"> !\u00a0\u00a0<\/span><\/p>\n<p>[\/et_pb_text][\/et_pb_column_inner][\/et_pb_row_inner][\/et_pb_column][\/et_pb_section][et_pb_section fb_built=\u00a0\u00bb1&Prime; custom_padding_last_edited=\u00a0\u00bbon|tablet\u00a0\u00bb admin_label=\u00a0\u00bbFeature\u00a0\u00bb _builder_version=\u00a0\u00bb4.27.4&Prime; _module_preset=\u00a0\u00bbdefault\u00a0\u00bb use_background_color_gradient=\u00a0\u00bbon\u00a0\u00bb background_color_gradient_stops=\u00a0\u00bb#ffffff 10%|rgba(255,255,255,0) 100%\u00a0\u00bb background_color_gradient_overlays_image=\u00a0\u00bbon\u00a0\u00bb background_enable_image=\u00a0\u00bboff\u00a0\u00bb custom_padding=\u00a0\u00bb4vw||4vw||false|false\u00a0\u00bb custom_padding_tablet=\u00a0\u00bb||60px||false|false\u00a0\u00bb custom_padding_phone=\u00a0\u00bb||60px||false|false\u00a0\u00bb background_last_edited=\u00a0\u00bbon|tablet\u00a0\u00bb use_background_color_gradient_tablet=\u00a0\u00bbon\u00a0\u00bb background_color_gradient_stops_tablet=\u00a0\u00bb#ffffff 10%|rgba(255,255,255,0.7) 100%\u00a0\u00bb locked=\u00a0\u00bboff\u00a0\u00bb collapsed=\u00a0\u00bbon\u00a0\u00bb global_colors_info=\u00a0\u00bb{}\u00a0\u00bb][et_pb_row _builder_version=\u00a0\u00bb4.18.0&Prime; _module_preset=\u00a0\u00bbdefault\u00a0\u00bb locked=\u00a0\u00bboff\u00a0\u00bb global_colors_info=\u00a0\u00bb{}\u00a0\u00bb][et_pb_column type=\u00a0\u00bb4_4&Prime; _builder_version=\u00a0\u00bb4.18.0&Prime; _module_preset=\u00a0\u00bbdefault\u00a0\u00bb global_colors_info=\u00a0\u00bb{}\u00a0\u00bb][et_pb_text _builder_version=\u00a0\u00bb4.27.4&Prime; _module_preset=\u00a0\u00bbdefault\u00a0\u00bb header_font_size=\u00a0\u00bb17px\u00a0\u00bb header_2_font=\u00a0\u00bb|300|||||||\u00a0\u00bb header_2_text_color=\u00a0\u00bb#393c40&Prime; header_2_font_size=\u00a0\u00bb40px\u00a0\u00bb header_2_line_height=\u00a0\u00bb1.2em\u00a0\u00bb width=\u00a0\u00bb105%\u00a0\u00bb max_width=\u00a0\u00bb121%\u00a0\u00bb header_2_font_size_tablet=\u00a0\u00bb40px\u00a0\u00bb header_2_font_size_phone=\u00a0\u00bb26px\u00a0\u00bb header_2_font_size_last_edited=\u00a0\u00bbon|phone\u00a0\u00bb global_colors_info=\u00a0\u00bb{}\u00a0\u00bb]<\/p>\n<h2 style=\"text-align: center;\"><span style=\"font-weight: 300;\">Les quartiers les plus pris\u00e9s r\u00e9v\u00e9l\u00e9s par notre conciergerie en location saisonni\u00e8re \u00e0 Villefranche-sur-Mer<\/span><\/h2>\n<p>[\/et_pb_text][et_pb_divider divider_weight=\u00a0\u00bb5px\u00a0\u00bb _builder_version=\u00a0\u00bb4.25.1&Prime; _module_preset=\u00a0\u00bbdefault\u00a0\u00bb max_width=\u00a0\u00bb50px\u00a0\u00bb module_alignment=\u00a0\u00bbcenter\u00a0\u00bb custom_margin=\u00a0\u00bb|18px||156px||\u00a0\u00bb module_alignment_tablet=\u00a0\u00bbcenter\u00a0\u00bb module_alignment_phone=\u00a0\u00bbcenter\u00a0\u00bb module_alignment_last_edited=\u00a0\u00bbon|phone\u00a0\u00bb global_colors_info=\u00a0\u00bb{}\u00a0\u00bb][\/et_pb_divider][\/et_pb_column][\/et_pb_row][et_pb_row column_structure=\u00a0\u00bb1_2,1_2&Prime; _builder_version=\u00a0\u00bb4.27.4&Prime; _module_preset=\u00a0\u00bbdefault\u00a0\u00bb max_width=\u00a0\u00bb1361px\u00a0\u00bb locked=\u00a0\u00bboff\u00a0\u00bb global_colors_info=\u00a0\u00bb{}\u00a0\u00bb][et_pb_column type=\u00a0\u00bb1_2&Prime; _builder_version=\u00a0\u00bb4.18.0&Prime; _module_preset=\u00a0\u00bbdefault\u00a0\u00bb global_colors_info=\u00a0\u00bb{}\u00a0\u00bb][et_pb_image src=\u00a0\u00bbhttps:\/\/myguestrelation.com\/wp-content\/uploads\/2024\/12\/port-villefranche-sur-mer.jpeg\u00a0\u00bb title_text=\u00a0\u00bbport-villefranche-sur-mer\u00a0\u00bb disabled_on=\u00a0\u00bboff|off|off\u00a0\u00bb _builder_version=\u00a0\u00bb4.27.4&Prime; _module_preset=\u00a0\u00bbdefault\u00a0\u00bb width=\u00a0\u00bb75%\u00a0\u00bb global_colors_info=\u00a0\u00bb{}\u00a0\u00bb][\/et_pb_image][et_pb_image src=\u00a0\u00bbhttps:\/\/myguestrelation.com\/wp-content\/uploads\/2024\/12\/logement-villefranche-sur-mer.jpg\u00a0\u00bb title_text=\u00a0\u00bblogement-villefranche-sur-mer\u00a0\u00bb disabled_on=\u00a0\u00bboff|off|off\u00a0\u00bb _builder_version=\u00a0\u00bb4.27.4&Prime; _module_preset=\u00a0\u00bbdefault\u00a0\u00bb width=\u00a0\u00bb75%\u00a0\u00bb global_colors_info=\u00a0\u00bb{}\u00a0\u00bb][\/et_pb_image][\/et_pb_column][et_pb_column type=\u00a0\u00bb1_2&Prime; _builder_version=\u00a0\u00bb4.18.0&Prime; _module_preset=\u00a0\u00bbdefault\u00a0\u00bb global_colors_info=\u00a0\u00bb{}\u00a0\u00bb][et_pb_text _builder_version=\u00a0\u00bb4.27.4&Prime; _module_preset=\u00a0\u00bb1f09816e-184e-4ce5-a4cf-b39c52c423ca\u00a0\u00bb text_font=\u00a0\u00bbMontserrat||||||||\u00a0\u00bb text_text_color=\u00a0\u00bb#393c40&Prime; text_line_height=\u00a0\u00bb1.85em\u00a0\u00bb text_font_size_tablet=\u00a0\u00bb15px\u00a0\u00bb text_font_size_phone=\u00a0\u00bb14px\u00a0\u00bb text_font_size_last_edited=\u00a0\u00bbon|phone\u00a0\u00bb header_font_size_tablet=\u00a0\u00bb55px\u00a0\u00bb header_font_size_last_edited=\u00a0\u00bboff|desktop\u00a0\u00bb global_colors_info=\u00a0\u00bb{}\u00a0\u00bb]<\/p>\n<p><span style=\"font-weight: 400;\">Villefranche-sur-Mer se compose de plusieurs quartiers particuli\u00e8rement attractifs pour les <\/span><b>logements saisonniers de luxe<\/b><span style=\"font-weight: 400;\">. Notre conciergerie de location saisonni\u00e8re \u00e0 Villefranche-sur-Mer, vous d\u00e9voile les meilleurs endroits pour les <\/span><b>voyages d\u2019exception<\/b><span style=\"font-weight: 400;\"> :\u00a0<\/span><\/p>\n<p><b>1. Le Vieux Port <\/b><span style=\"font-weight: 400;\">: son ambiance authentique et ses fa\u00e7ades color\u00e9es attrayantes s\u00e9duisent les voyageurs qui recherchent particuli\u00e8rement des appartements avec vue sur le port et la baie. Ce secteur offre un excellent potentiel locatif.\u00a0<\/span><\/p>\n<p><span style=\"font-weight: 400;\">\u00a0<strong>2. <\/strong><\/span><b>La Basse Corniche<\/b><span style=\"font-weight: 400;\"> : situ\u00e9e sur les hauteurs, cette zone est appr\u00e9ci\u00e9e pour ses villas de prestige avec des vues panoramiques spectaculaires sur la mer et souvent dot\u00e9es de piscines priv\u00e9es. Cet emplacement incarne parfaitement l\u2019\u00e9l\u00e9gance et l\u2019art de vivre m\u00e9diterran\u00e9en.\u00a0<\/span><\/p>\n<p><b>3. Le Col de Villefranche<\/b><span style=\"font-weight: 400;\"> : ce quartier r\u00e9sidentiel chic avec son atmosph\u00e8re paisible est situ\u00e9 \u00e0 seulement quelques minutes de Nice et offre des vues imprenables sur la baie et Saint-Jean-Cap-Ferrat. Son emplacement se distingue par son acc\u00e8s privil\u00e9gi\u00e9 \u00e0 de nombreux sentiers de randonn\u00e9e.\u00a0<\/span><\/p>\n<p><b>4. La rade de Villefranche<\/b><span style=\"font-weight: 400;\"> : les logements situ\u00e9s le long de la rade disposent de panoramas maritimes \u00e0 couper le souffle et enchantent les voyageurs.\u00a0\u00a0<\/span><\/p>\n<p>[\/et_pb_text][\/et_pb_column][\/et_pb_row][\/et_pb_section][et_pb_section fb_built=\u00a0\u00bb1&Prime; admin_label=\u00a0\u00bbAbout Section\u00a0\u00bb _builder_version=\u00a0\u00bb4.27.4&Prime; background_color=\u00a0\u00bb#f7f7f7&Prime; use_background_color_gradient=\u00a0\u00bbon\u00a0\u00bb background_color_gradient_stops=\u00a0\u00bb#f7f7f7 43%|#ffffff 100%\u00a0\u00bb custom_margin=\u00a0\u00bb-33px|||||\u00a0\u00bb custom_padding=\u00a0\u00bb13px|0px|142px|0px||\u00a0\u00bb global_colors_info=\u00a0\u00bb{}\u00a0\u00bb][et_pb_row _builder_version=\u00a0\u00bb4.27.4&Prime; _module_preset=\u00a0\u00bbdefault\u00a0\u00bb width_tablet=\u00a0\u00bb\u00a0\u00bb width_phone=\u00a0\u00bb100%\u00a0\u00bb width_last_edited=\u00a0\u00bbon|phone\u00a0\u00bb max_width=\u00a0\u00bb1537px\u00a0\u00bb max_width_tablet=\u00a0\u00bb1537px\u00a0\u00bb max_width_phone=\u00a0\u00bb2560%\u00a0\u00bb max_width_last_edited=\u00a0\u00bbon|phone\u00a0\u00bb custom_margin=\u00a0\u00bb76px|auto||auto||\u00a0\u00bb global_colors_info=\u00a0\u00bb{}\u00a0\u00bb][et_pb_column type=\u00a0\u00bb4_4&Prime; _builder_version=\u00a0\u00bb4.27.4&Prime; _module_preset=\u00a0\u00bbdefault\u00a0\u00bb global_colors_info=\u00a0\u00bb{}\u00a0\u00bb][et_pb_text _builder_version=\u00a0\u00bb4.27.4&Prime; _module_preset=\u00a0\u00bbdefault\u00a0\u00bb header_2_font_size=\u00a0\u00bb40px\u00a0\u00bb header_2_line_height=\u00a0\u00bb1.2em\u00a0\u00bb width=\u00a0\u00bb100%\u00a0\u00bb max_width=\u00a0\u00bb92%\u00a0\u00bb module_alignment=\u00a0\u00bbcenter\u00a0\u00bb header_2_font_size_tablet=\u00a0\u00bb40px\u00a0\u00bb header_2_font_size_phone=\u00a0\u00bb28px\u00a0\u00bb header_2_font_size_last_edited=\u00a0\u00bbon|phone\u00a0\u00bb header_2_line_height_tablet=\u00a0\u00bb\u00a0\u00bb header_2_line_height_phone=\u00a0\u00bb1.2em\u00a0\u00bb header_2_line_height_last_edited=\u00a0\u00bbon|phone\u00a0\u00bb global_colors_info=\u00a0\u00bb{}\u00a0\u00bb]<\/p>\n<h2 style=\"text-align: center;\">D\u00e9couvrez 3 chiffres cl\u00e9s du tourisme \u00e0 Villefranche-sur-Mer<\/h2>\n<p>[\/et_pb_text][et_pb_divider divider_weight=\u00a0\u00bb5px\u00a0\u00bb _builder_version=\u00a0\u00bb4.25.1&Prime; _module_preset=\u00a0\u00bbdefault\u00a0\u00bb max_width=\u00a0\u00bb50px\u00a0\u00bb module_alignment=\u00a0\u00bbcenter\u00a0\u00bb custom_margin=\u00a0\u00bb|18px||156px||\u00a0\u00bb module_alignment_tablet=\u00a0\u00bbcenter\u00a0\u00bb module_alignment_phone=\u00a0\u00bbcenter\u00a0\u00bb module_alignment_last_edited=\u00a0\u00bbon|phone\u00a0\u00bb global_colors_info=\u00a0\u00bb{}\u00a0\u00bb][\/et_pb_divider][\/et_pb_column][\/et_pb_row][et_pb_row column_structure=\u00a0\u00bb1_3,1_3,1_3&Prime; use_custom_gutter=\u00a0\u00bbon\u00a0\u00bb _builder_version=\u00a0\u00bb4.27.4&Prime; width=\u00a0\u00bb74%\u00a0\u00bb max_width=\u00a0\u00bb2198px\u00a0\u00bb overflow-x=\u00a0\u00bbvisible\u00a0\u00bb overflow-y=\u00a0\u00bbvisible\u00a0\u00bb custom_margin=\u00a0\u00bb82px|auto||auto|false|false\u00a0\u00bb custom_margin_tablet=\u00a0\u00bb0px||||false|false\u00a0\u00bb custom_margin_phone=\u00a0\u00bb\u00a0\u00bb custom_margin_last_edited=\u00a0\u00bbon|phone\u00a0\u00bb global_colors_info=\u00a0\u00bb{}\u00a0\u00bb][et_pb_column type=\u00a0\u00bb1_3&Prime; _builder_version=\u00a0\u00bb4.16&Prime; background_color=\u00a0\u00bb#ffffff\u00a0\u00bb transform_scale_tablet=\u00a0\u00bb\u00a0\u00bb transform_scale_phone=\u00a0\u00bb\u00a0\u00bb transform_scale_last_edited=\u00a0\u00bbon|desktop\u00a0\u00bb transform_translate=\u00a0\u00bb-16px|0px\u00a0\u00bb transform_translate_tablet=\u00a0\u00bb0px|0px\u00a0\u00bb transform_translate_phone=\u00a0\u00bb\u00a0\u00bb transform_translate_last_edited=\u00a0\u00bbon|desktop\u00a0\u00bb transform_translate_linked=\u00a0\u00bboff\u00a0\u00bb transform_rotate_tablet=\u00a0\u00bb\u00a0\u00bb transform_rotate_phone=\u00a0\u00bb\u00a0\u00bb transform_rotate_last_edited=\u00a0\u00bbon|desktop\u00a0\u00bb transform_skew_tablet=\u00a0\u00bb\u00a0\u00bb transform_skew_phone=\u00a0\u00bb\u00a0\u00bb transform_skew_last_edited=\u00a0\u00bbon|desktop\u00a0\u00bb transform_origin_tablet=\u00a0\u00bb\u00a0\u00bb transform_origin_phone=\u00a0\u00bb\u00a0\u00bb transform_origin_last_edited=\u00a0\u00bbon|desktop\u00a0\u00bb transform_styles_last_edited=\u00a0\u00bbon|desktop\u00a0\u00bb custom_padding=\u00a0\u00bb50px|20px|50px|20px|true|true\u00a0\u00bb transform_styles_tablet=\u00a0\u00bb\u00a0\u00bb transform_styles_phone=\u00a0\u00bb\u00a0\u00bb box_shadow_style=\u00a0\u00bbpreset3&Prime; box_shadow_horizontal=\u00a0\u00bb13px\u00a0\u00bb box_shadow_vertical=\u00a0\u00bb38px\u00a0\u00bb box_shadow_blur=\u00a0\u00bb50px\u00a0\u00bb box_shadow_spread=\u00a0\u00bb0px\u00a0\u00bb box_shadow_color=\u00a0\u00bbrgba(133,143,175,0.2)\u00a0\u00bb global_colors_info=\u00a0\u00bb{}\u00a0\u00bb][et_pb_number_counter title=\u00a0\u00bbDe touristes am\u00e9ricains en 2023 par rapport \u00e0 l\u2019ann\u00e9e 2022&Prime; number=\u00a0\u00bb+53&Prime; _builder_version=\u00a0\u00bb4.27.4&Prime; title_level=\u00a0\u00bbh4&Prime; title_font=\u00a0\u00bbMontserrat||||||||\u00a0\u00bb title_font_size=\u00a0\u00bb17px\u00a0\u00bb title_line_height=\u00a0\u00bb1.2em\u00a0\u00bb number_font=\u00a0\u00bbMontserrat||||||||\u00a0\u00bb number_font_size=\u00a0\u00bb48px\u00a0\u00bb number_line_height=\u00a0\u00bb50px\u00a0\u00bb background_enable_color=\u00a0\u00bboff\u00a0\u00bb width=\u00a0\u00bb99.7%\u00a0\u00bb locked=\u00a0\u00bboff\u00a0\u00bb global_colors_info=\u00a0\u00bb{}\u00a0\u00bb][\/et_pb_number_counter][\/et_pb_column][et_pb_column type=\u00a0\u00bb1_3&Prime; _builder_version=\u00a0\u00bb4.16&Prime; background_color=\u00a0\u00bb#ffffff\u00a0\u00bb transform_scale=\u00a0\u00bb140%|140%\u00a0\u00bb transform_scale_tablet=\u00a0\u00bb100%|100%\u00a0\u00bb transform_scale_phone=\u00a0\u00bb\u00a0\u00bb transform_scale_last_edited=\u00a0\u00bbon|desktop\u00a0\u00bb transform_translate_tablet=\u00a0\u00bb\u00a0\u00bb transform_translate_phone=\u00a0\u00bb\u00a0\u00bb transform_translate_last_edited=\u00a0\u00bbon|desktop\u00a0\u00bb transform_rotate_tablet=\u00a0\u00bb\u00a0\u00bb transform_rotate_phone=\u00a0\u00bb\u00a0\u00bb transform_rotate_last_edited=\u00a0\u00bbon|desktop\u00a0\u00bb transform_skew_tablet=\u00a0\u00bb\u00a0\u00bb transform_skew_phone=\u00a0\u00bb\u00a0\u00bb transform_skew_last_edited=\u00a0\u00bbon|desktop\u00a0\u00bb transform_origin=\u00a0\u00bb44%|68%\u00a0\u00bb transform_origin_tablet=\u00a0\u00bb\u00a0\u00bb transform_origin_phone=\u00a0\u00bb\u00a0\u00bb transform_origin_last_edited=\u00a0\u00bbon|desktop\u00a0\u00bb transform_styles_last_edited=\u00a0\u00bbon|desktop\u00a0\u00bb z_index=\u00a0\u00bb10&Prime; custom_padding=\u00a0\u00bb50px|20px|50px|20px|true|true\u00a0\u00bb transform_styles_tablet=\u00a0\u00bb\u00a0\u00bb transform_styles_phone=\u00a0\u00bb\u00a0\u00bb box_shadow_style=\u00a0\u00bbpreset3&Prime; box_shadow_horizontal=\u00a0\u00bb13px\u00a0\u00bb box_shadow_vertical=\u00a0\u00bb38px\u00a0\u00bb box_shadow_blur=\u00a0\u00bb50px\u00a0\u00bb box_shadow_spread=\u00a0\u00bb0px\u00a0\u00bb box_shadow_color=\u00a0\u00bbrgba(133,143,175,0.2)\u00a0\u00bb global_colors_info=\u00a0\u00bb{}\u00a0\u00bb][et_pb_number_counter title=\u00a0\u00bbAnneaux environ et deux ports\u00a0\u00bb number=\u00a0\u00bb529&Prime; percent_sign=\u00a0\u00bboff\u00a0\u00bb _builder_version=\u00a0\u00bb4.27.4&Prime; title_level=\u00a0\u00bbh4&Prime; title_font=\u00a0\u00bbMontserrat|500|||||||\u00a0\u00bb title_font_size=\u00a0\u00bb16px\u00a0\u00bb title_line_height=\u00a0\u00bb1.2em\u00a0\u00bb number_font=\u00a0\u00bbMontserrat||||||||\u00a0\u00bb number_line_height=\u00a0\u00bb50px\u00a0\u00bb background_enable_color=\u00a0\u00bboff\u00a0\u00bb custom_padding=\u00a0\u00bb||0px|||\u00a0\u00bb global_colors_info=\u00a0\u00bb{}\u00a0\u00bb title__hover_enabled=\u00a0\u00bbon|hover\u00a0\u00bb title__hover=\u00a0\u00bbAnneaux environ et deux ports\u00a0\u00bb][\/et_pb_number_counter][\/et_pb_column][et_pb_column type=\u00a0\u00bb1_3&Prime; _builder_version=\u00a0\u00bb4.16&Prime; background_color=\u00a0\u00bb#ffffff\u00a0\u00bb transform_scale=\u00a0\u00bb84%|84%\u00a0\u00bb transform_scale_tablet=\u00a0\u00bb100%|100%\u00a0\u00bb transform_scale_phone=\u00a0\u00bb\u00a0\u00bb transform_scale_last_edited=\u00a0\u00bbon|desktop\u00a0\u00bb transform_translate_tablet=\u00a0\u00bb\u00a0\u00bb transform_translate_phone=\u00a0\u00bb\u00a0\u00bb transform_translate_last_edited=\u00a0\u00bbon|desktop\u00a0\u00bb transform_rotate_tablet=\u00a0\u00bb\u00a0\u00bb transform_rotate_phone=\u00a0\u00bb\u00a0\u00bb transform_rotate_last_edited=\u00a0\u00bbon|desktop\u00a0\u00bb transform_skew_tablet=\u00a0\u00bb\u00a0\u00bb transform_skew_phone=\u00a0\u00bb\u00a0\u00bb transform_skew_last_edited=\u00a0\u00bbon|desktop\u00a0\u00bb transform_origin_tablet=\u00a0\u00bb\u00a0\u00bb transform_origin_phone=\u00a0\u00bb\u00a0\u00bb transform_origin_last_edited=\u00a0\u00bbon|desktop\u00a0\u00bb transform_styles_last_edited=\u00a0\u00bbon|desktop\u00a0\u00bb custom_padding=\u00a0\u00bb50px|20px|50px|20px|true|true\u00a0\u00bb transform_styles_tablet=\u00a0\u00bb\u00a0\u00bb transform_styles_phone=\u00a0\u00bb\u00a0\u00bb box_shadow_style=\u00a0\u00bbpreset3&Prime; box_shadow_horizontal=\u00a0\u00bb13px\u00a0\u00bb box_shadow_vertical=\u00a0\u00bb38px\u00a0\u00bb box_shadow_blur=\u00a0\u00bb50px\u00a0\u00bb box_shadow_spread=\u00a0\u00bb0px\u00a0\u00bb box_shadow_color=\u00a0\u00bbrgba(133,143,175,0.2)\u00a0\u00bb global_colors_info=\u00a0\u00bb{}\u00a0\u00bb][et_pb_number_counter title=\u00a0\u00bbNavires de croisi\u00e8re en 2019&Prime; number=\u00a0\u00bb91&Prime; percent_sign=\u00a0\u00bboff\u00a0\u00bb _builder_version=\u00a0\u00bb4.27.4&Prime; title_level=\u00a0\u00bbh4&Prime; title_font=\u00a0\u00bbMontserrat||||||||\u00a0\u00bb title_font_size=\u00a0\u00bb19px\u00a0\u00bb title_line_height=\u00a0\u00bb1.3em\u00a0\u00bb number_font=\u00a0\u00bbMontserrat||||||||\u00a0\u00bb number_line_height=\u00a0\u00bb50px\u00a0\u00bb background_enable_color=\u00a0\u00bboff\u00a0\u00bb locked=\u00a0\u00bboff\u00a0\u00bb global_colors_info=\u00a0\u00bb{}\u00a0\u00bb][\/et_pb_number_counter][\/et_pb_column][\/et_pb_row][et_pb_row _builder_version=\u00a0\u00bb4.27.5&Prime; _module_preset=\u00a0\u00bbdefault\u00a0\u00bb][et_pb_column _builder_version=\u00a0\u00bb4.27.5&Prime; _module_preset=\u00a0\u00bbdefault\u00a0\u00bb type=\u00a0\u00bb4_4&Prime;][et_pb_code _builder_version=\u00a0\u00bb4.27.5&Prime; _module_preset=\u00a0\u00bbdefault\u00a0\u00bb hover_enabled=\u00a0\u00bb0&Prime; sticky_enabled=\u00a0\u00bb0&Prime;]<script type=\"application\/ld+json\"><!-- [et_pb_line_break_holder] -->{<!-- [et_pb_line_break_holder] -->  \"@context\": \"https:\/\/schema.org\/\",<!-- [et_pb_line_break_holder] -->  \"@type\": \"Product\",<!-- [et_pb_line_break_holder] -->  \"name\": \"Conciergerie Airbnb\",<!-- [et_pb_line_break_holder] -->  \"aggregateRating\": {<!-- [et_pb_line_break_holder] -->    \"@type\": \"AggregateRating\",<!-- [et_pb_line_break_holder] -->    \"ratingValue\": \"4.9\",<!-- [et_pb_line_break_holder] -->    \"reviewCount\": \"50\"<!-- [et_pb_line_break_holder] -->  }<!-- [et_pb_line_break_holder] -->}<!-- [et_pb_line_break_holder] --><\/script>[\/et_pb_code][\/et_pb_column][\/et_pb_row][\/et_pb_section]<\/p>\n","protected":false},"excerpt":{"rendered":"<p>Conciergerie de location saisonni\u00e8re \u00e0 Villefranche-sur-MerVillefranche-sur-Mer, charmante ville c\u00f4ti\u00e8re, se situe entre Nice et Monaco et attire chaque ann\u00e9e une client\u00e8le internationale exigeante. Sa baie consid\u00e9r\u00e9e comme l\u2019une des plus belles du monde, se remplit de yachts durant la haute saison. De nombreux voyageurs choisissent cette destination de r\u00eave qui allie \u00e0 la fois luxe [&hellip;]<\/p>\n","protected":false},"author":1,"featured_media":0,"parent":0,"menu_order":0,"comment_status":"closed","ping_status":"closed","template":"","meta":{"_et_pb_use_builder":"on","_et_pb_old_content":"","_et_gb_content_width":"","_monsterinsights_skip_tracking":false,"_monsterinsights_sitenote_active":false,"_monsterinsights_sitenote_note":"","_monsterinsights_sitenote_category":0,"footnotes":""},"class_list":["post-4566","page","type-page","status-publish","hentry"],"yoast_head":"<!-- This site is optimized with the Yoast SEO plugin v27.2 - https:\/\/yoast.com\/product\/yoast-seo-wordpress\/ -->\n<title>Conciergerie de location saisonni\u00e8re \u00e0 Villefranche-sur-Mer<\/title>\n<meta name=\"description\" content=\"Propri\u00e9taires, simplifiez-vous la vie ! Notre conciergerie de location saisonni\u00e8re \u00e0 Villefranche-sur-Mer propose des services premium.\" \/>\n<meta name=\"robots\" content=\"index, follow, max-snippet:-1, max-image-preview:large, max-video-preview:-1\" \/>\n<link rel=\"canonical\" href=\"https:\/\/myguestrelation.com\/it\/conciergerie-de-location-saisonniere-a-villefranche-sur-mer\/\" \/>\n<meta property=\"og:locale\" content=\"it_IT\" \/>\n<meta property=\"og:type\" content=\"article\" \/>\n<meta property=\"og:title\" content=\"Conciergerie de location saisonni\u00e8re \u00e0 Villefranche-sur-Mer\" \/>\n<meta property=\"og:description\" content=\"Propri\u00e9taires, simplifiez-vous la vie ! Notre conciergerie de location saisonni\u00e8re \u00e0 Villefranche-sur-Mer propose des services premium.\" \/>\n<meta property=\"og:url\" content=\"https:\/\/myguestrelation.com\/it\/conciergerie-de-location-saisonniere-a-villefranche-sur-mer\/\" \/>\n<meta property=\"og:site_name\" content=\"My Guest Relation\" \/>\n<meta property=\"article:publisher\" content=\"https:\/\/www.facebook.com\/GuestRelation06\/\" \/>\n<meta property=\"article:modified_time\" content=\"2026-02-26T10:57:17+00:00\" \/>\n<meta name=\"twitter:card\" content=\"summary_large_image\" \/>\n<meta name=\"twitter:label1\" content=\"Tempo di lettura stimato\" \/>\n\t<meta name=\"twitter:data1\" content=\"16 minuti\" \/>\n<script type=\"application\/ld+json\" class=\"yoast-schema-graph\">{\"@context\":\"https:\/\/schema.org\",\"@graph\":[{\"@type\":\"WebPage\",\"@id\":\"https:\/\/myguestrelation.com\/conciergerie-de-location-saisonniere-a-villefranche-sur-mer\/\",\"url\":\"https:\/\/myguestrelation.com\/conciergerie-de-location-saisonniere-a-villefranche-sur-mer\/\",\"name\":\"Conciergerie de location saisonni\u00e8re \u00e0 Villefranche-sur-Mer\",\"isPartOf\":{\"@id\":\"https:\/\/myguestrelation.com\/#website\"},\"datePublished\":\"2024-12-06T10:58:57+00:00\",\"dateModified\":\"2026-02-26T10:57:17+00:00\",\"description\":\"Propri\u00e9taires, simplifiez-vous la vie ! Notre conciergerie de location saisonni\u00e8re \u00e0 Villefranche-sur-Mer propose des services premium.\",\"breadcrumb\":{\"@id\":\"https:\/\/myguestrelation.com\/conciergerie-de-location-saisonniere-a-villefranche-sur-mer\/#breadcrumb\"},\"inLanguage\":\"it-IT\",\"potentialAction\":[{\"@type\":\"ReadAction\",\"target\":[\"https:\/\/myguestrelation.com\/conciergerie-de-location-saisonniere-a-villefranche-sur-mer\/\"]}]},{\"@type\":\"BreadcrumbList\",\"@id\":\"https:\/\/myguestrelation.com\/conciergerie-de-location-saisonniere-a-villefranche-sur-mer\/#breadcrumb\",\"itemListElement\":[{\"@type\":\"ListItem\",\"position\":1,\"name\":\"Accueil\",\"item\":\"https:\/\/myguestrelation.com\/\"},{\"@type\":\"ListItem\",\"position\":2,\"name\":\"Conciergerie de location saisonni\u00e8re \u00e0 Villefranche-sur-Mer\"}]},{\"@type\":\"WebSite\",\"@id\":\"https:\/\/myguestrelation.com\/#website\",\"url\":\"https:\/\/myguestrelation.com\/\",\"name\":\"My Guest Relation\",\"description\":\"\",\"publisher\":{\"@id\":\"https:\/\/myguestrelation.com\/#organization\"},\"potentialAction\":[{\"@type\":\"SearchAction\",\"target\":{\"@type\":\"EntryPoint\",\"urlTemplate\":\"https:\/\/myguestrelation.com\/?s={search_term_string}\"},\"query-input\":{\"@type\":\"PropertyValueSpecification\",\"valueRequired\":true,\"valueName\":\"search_term_string\"}}],\"inLanguage\":\"it-IT\"},{\"@type\":\"Organization\",\"@id\":\"https:\/\/myguestrelation.com\/#organization\",\"name\":\"My Guest Relation\",\"url\":\"https:\/\/myguestrelation.com\/\",\"logo\":{\"@type\":\"ImageObject\",\"inLanguage\":\"it-IT\",\"@id\":\"https:\/\/myguestrelation.com\/#\/schema\/logo\/image\/\",\"url\":\"https:\/\/myguestrelation.com\/wp-content\/uploads\/2020\/01\/Logo-final-petit_Guest-Relation.png\",\"contentUrl\":\"https:\/\/myguestrelation.com\/wp-content\/uploads\/2020\/01\/Logo-final-petit_Guest-Relation.png\",\"width\":425,\"height\":510,\"caption\":\"My Guest Relation\"},\"image\":{\"@id\":\"https:\/\/myguestrelation.com\/#\/schema\/logo\/image\/\"},\"sameAs\":[\"https:\/\/www.facebook.com\/GuestRelation06\/\"]}]}<\/script>\n<!-- \/ Yoast SEO plugin. -->","yoast_head_json":{"title":"Servizio di portineria per affitti vacanze a Villefranche-sur-Mer","description":"Propri\u00e9taires, simplifiez-vous la vie ! Notre conciergerie de location saisonni\u00e8re \u00e0 Villefranche-sur-Mer propose des services premium.","robots":{"index":"index","follow":"follow","max-snippet":"max-snippet:-1","max-image-preview":"max-image-preview:large","max-video-preview":"max-video-preview:-1"},"canonical":"https:\/\/myguestrelation.com\/it\/conciergerie-de-location-saisonniere-a-villefranche-sur-mer\/","og_locale":"it_IT","og_type":"article","og_title":"Conciergerie de location saisonni\u00e8re \u00e0 Villefranche-sur-Mer","og_description":"Propri\u00e9taires, simplifiez-vous la vie ! Notre conciergerie de location saisonni\u00e8re \u00e0 Villefranche-sur-Mer propose des services premium.","og_url":"https:\/\/myguestrelation.com\/it\/conciergerie-de-location-saisonniere-a-villefranche-sur-mer\/","og_site_name":"My Guest Relation","article_publisher":"https:\/\/www.facebook.com\/GuestRelation06\/","article_modified_time":"2026-02-26T10:57:17+00:00","twitter_card":"summary_large_image","twitter_misc":{"Tempo di lettura stimato":"16 minuti"},"schema":{"@context":"https:\/\/schema.org","@graph":[{"@type":"WebPage","@id":"https:\/\/myguestrelation.com\/conciergerie-de-location-saisonniere-a-villefranche-sur-mer\/","url":"https:\/\/myguestrelation.com\/conciergerie-de-location-saisonniere-a-villefranche-sur-mer\/","name":"Servizio di portineria per affitti vacanze a Villefranche-sur-Mer","isPartOf":{"@id":"https:\/\/myguestrelation.com\/#website"},"datePublished":"2024-12-06T10:58:57+00:00","dateModified":"2026-02-26T10:57:17+00:00","description":"Propri\u00e9taires, simplifiez-vous la vie ! Notre conciergerie de location saisonni\u00e8re \u00e0 Villefranche-sur-Mer propose des services premium.","breadcrumb":{"@id":"https:\/\/myguestrelation.com\/conciergerie-de-location-saisonniere-a-villefranche-sur-mer\/#breadcrumb"},"inLanguage":"it-IT","potentialAction":[{"@type":"ReadAction","target":["https:\/\/myguestrelation.com\/conciergerie-de-location-saisonniere-a-villefranche-sur-mer\/"]}]},{"@type":"BreadcrumbList","@id":"https:\/\/myguestrelation.com\/conciergerie-de-location-saisonniere-a-villefranche-sur-mer\/#breadcrumb","itemListElement":[{"@type":"ListItem","position":1,"name":"Accueil","item":"https:\/\/myguestrelation.com\/"},{"@type":"ListItem","position":2,"name":"Conciergerie de location saisonni\u00e8re \u00e0 Villefranche-sur-Mer"}]},{"@type":"WebSite","@id":"https:\/\/myguestrelation.com\/#website","url":"https:\/\/myguestrelation.com\/","name":"Il mio rapporto con gli ospiti","description":"","publisher":{"@id":"https:\/\/myguestrelation.com\/#organization"},"potentialAction":[{"@type":"SearchAction","target":{"@type":"EntryPoint","urlTemplate":"https:\/\/myguestrelation.com\/?s={search_term_string}"},"query-input":{"@type":"PropertyValueSpecification","valueRequired":true,"valueName":"search_term_string"}}],"inLanguage":"it-IT"},{"@type":"Organization","@id":"https:\/\/myguestrelation.com\/#organization","name":"Il mio rapporto con gli ospiti","url":"https:\/\/myguestrelation.com\/","logo":{"@type":"ImageObject","inLanguage":"it-IT","@id":"https:\/\/myguestrelation.com\/#\/schema\/logo\/image\/","url":"https:\/\/myguestrelation.com\/wp-content\/uploads\/2020\/01\/Logo-final-petit_Guest-Relation.png","contentUrl":"https:\/\/myguestrelation.com\/wp-content\/uploads\/2020\/01\/Logo-final-petit_Guest-Relation.png","width":425,"height":510,"caption":"My Guest Relation"},"image":{"@id":"https:\/\/myguestrelation.com\/#\/schema\/logo\/image\/"},"sameAs":["https:\/\/www.facebook.com\/GuestRelation06\/"]}]}},"_links":{"self":[{"href":"https:\/\/myguestrelation.com\/it\/wp-json\/wp\/v2\/pages\/4566","targetHints":{"allow":["GET"]}}],"collection":[{"href":"https:\/\/myguestrelation.com\/it\/wp-json\/wp\/v2\/pages"}],"about":[{"href":"https:\/\/myguestrelation.com\/it\/wp-json\/wp\/v2\/types\/page"}],"author":[{"embeddable":true,"href":"https:\/\/myguestrelation.com\/it\/wp-json\/wp\/v2\/users\/1"}],"replies":[{"embeddable":true,"href":"https:\/\/myguestrelation.com\/it\/wp-json\/wp\/v2\/comments?post=4566"}],"version-history":[{"count":29,"href":"https:\/\/myguestrelation.com\/it\/wp-json\/wp\/v2\/pages\/4566\/revisions"}],"predecessor-version":[{"id":5634,"href":"https:\/\/myguestrelation.com\/it\/wp-json\/wp\/v2\/pages\/4566\/revisions\/5634"}],"wp:attachment":[{"href":"https:\/\/myguestrelation.com\/it\/wp-json\/wp\/v2\/media?parent=4566"}],"curies":[{"name":"wp","href":"https:\/\/api.w.org\/{rel}","templated":true}]}}